{"id":1600,"date":"2017-07-27T08:46:11","date_gmt":"2017-07-27T08:46:11","guid":{"rendered":"http:\/\/www.mueblesjumar.es\/?page_id=1600\/"},"modified":"2018-06-11T13:15:03","modified_gmt":"2018-06-11T13:15:03","slug":"politique-de-privacite","status":"publish","type":"page","link":"https:\/\/www.mueblesjumar.es\/fr\/politique-de-privacite\/","title":{"rendered":"Politique de Privacit\u00e9"},"content":{"rendered":"<div class=\"wpb-content-wrapper\"><p>[vc_row full_width=\u00a0\u00bbstretch_row\u00a0\u00bb css=\u00a0\u00bb.vc_custom_1500639081251{background-image: url(http:\/\/www.mueblesjumar.es\/wp-content\/uploads\/2017\/03\/cabecera_quienes_somos.jpg?id=179) !important;background-position: center !important;background-repeat: no-repeat !important;background-size: cover !important;}\u00a0\u00bb][vc_column][vc_column_text]<\/p>\n<h1 style=\"color: #fff;\">POLITIQUE DE PRIVACIT\u00c9<\/h1>\n<p>[\/vc_column_text][\/vc_column][\/vc_row][vc_row css=\u00a0\u00bb.vc_custom_1500639777116{padding-bottom: 20px !important;}\u00a0\u00bb][vc_column][vc_column_text]<\/p>\n<h2>Politique de protection des donn\u00e9es personnelles<\/h2>\n<p>Le propri\u00e9taire du site et responsable du traitement est <strong>MUEBLES JUMAR, S.L.<\/strong> avec adresse \u00e0 Ctra de La Garrofera, s \/ n de Massalav\u00e9s (46292) Vcia et CIF <strong>B-46209722<\/strong> est le propri\u00e9taire du Portail web et le met \u00e0 la disposition des utilisateurs d\u00b4internet, afin de fournir des informations sur les services <strong>MUEBLES JUMAR SL<\/strong>, ainsi que de permettre la prestation de services \u00e0 travers le portail.<\/p>\n<p><strong><u>Coordonn\u00e9es<\/u><\/strong><br \/>\nNum\u00e9ro de t\u00e9l\u00e9phone: + (34) 962440907<br \/>\nEmail: info@mueblesjumar.es<\/p>\n<p><strong><u>Donn\u00e9es du d\u00e9l\u00e9gu\u00e9 de la protection des donn\u00e9es (DPD)<\/u><\/strong><br \/>\nPour toute gestion ou demande concernant la privacit\u00e9 de MUEBLES JUMAR, S.L., l&rsquo;utilisateur peut se rendre \u00e0 notre adresse email info@mueblesjumar.es[\/vc_column_text][vc_column_text]<\/p>\n<h2>1.- Finalit\u00e9 \u00c0 quelles fins traitons-nous vos donn\u00e9es?<\/h2>\n<p><strong>MUEBLES JUMAR, S.L.<\/strong> informe l&rsquo; utilisateur de l&rsquo;existence d&rsquo;un traitement de donn\u00e9es personnelles (fichier appel\u00e9 \u00ab\u00a0USUARIOS WEB\u00a0\u00bb) cr\u00e9\u00e9 avec les donn\u00e9es obtenues sur le site par et pour <strong>MUEBLES JUMAR, S.L.<\/strong> et sous votre responsabilit\u00e9.<br \/>\nCe fichier a \u00e9t\u00e9 cr\u00e9\u00e9 dans le but de fournir des informations sur la prestation des services offerts par le portail, ainsi que d&rsquo;assister et de g\u00e9rer les requ\u00eates effectu\u00e9es par les utilisateurs via ce canal.<\/p>\n<ul>\n<li>Les conditions de conservation des donn\u00e9es que les utilisateurs nous fournissent \u00e0 travers les formulaires pr\u00e9sents sur le web sont les suivantes:\n<ul>\n<li>Dans le cas de consultations: Une fois la requ\u00eate r\u00e9pondue, l&rsquo;ann\u00e9e en cours<\/li>\n<li>Dans le cas d\u00b4angager l&rsquo;un de nos services: Pendant que dure la relation contractuelle<\/li>\n<\/ul>\n<\/li>\n<\/ul>\n<p>[\/vc_column_text][vc_column_text]<\/p>\n<h2>2.- Legitimit\u00e9 Quelle est la l\u00e9gitimit\u00e9 pour le traitement de vos donn\u00e9es?<\/h2>\n<p>De la m\u00eame mani\u00e8re, l\u2019offre prospective de service est bas\u00e9e sur le consentement qui est demand\u00e9 \u00e0 l\u2019utilisateur, en aucun cas le retrait de ce consentement n\u2019autorise l\u2019ex\u00e9cution pour d\u2019autres finalit\u00e9s.<\/p>\n<p>L\u2019utilisateur n\u2019a pas pour obligation de nous fournir ses donn\u00e9es personnelles, mais dans le cas o\u00f9 il ne fournit pas les donn\u00e9es minimales, il ne pourra pas r\u00e9aliser les op\u00e9rations sur notre site web comme la consultation, contacter, laisser un commentaire, participer au blog ou acc\u00e9der a la \u00ab\u00a0Zone Client\u00a0\u00bb\u2026<\/p>\n<p>De plus nous informons que l\u2019utilisateur pourra r\u00e9voquer son consentement pour le ramassage et le traitement de ses donn\u00e9es personnelles \u00e0 tout moment, au moyen de la proc\u00e9dure que nous \u00e9tablissons pour cela, sans que cela n\u2019affecte la l\u00e9galit\u00e9 du traitement bas\u00e9 sur le consentement pr\u00e9alable \u00e0 sa r\u00e9tractation.[\/vc_column_text][vc_column_text]<\/p>\n<h2>3.- Destinataires \u00c0 quels destinataires vos donn\u00e9es seront-elles communiqu\u00e9es?<\/h2>\n<p>Les donn\u00e9es recueillies sur ce site par les formulaires appropri\u00e9s ne seront pas transmises \u00e0 des tiers et ne peuvent \u00eatre communiqu\u00e9es \u00e0 d&rsquo;autres soci\u00e9t\u00e9s qui agissent en tant que processeurs de donn\u00e9es personnelles, et ne traitent que les donn\u00e9es sous les instructions strictes que <strong>MUEBLES JUMAR, S.L.<\/strong> \u00e9tabli avec les gestionnaires. Dans tous les cas, les donn\u00e9es seront communiqu\u00e9es dans l&rsquo;espace de l&rsquo;Union europ\u00e9enne et uniquement aux fins indiqu\u00e9es ci-dessus.[\/vc_column_text][vc_column_text]<\/p>\n<h2>4.- Droits Quels sont vos droits lorsque vous nous fournissez vos donn\u00e9es?<\/h2>\n<p>Les titulaires de <strong>MUEBLES JUMAR, S.L.<\/strong> garantissent les droits qui s\u2019appliquent \u00e0 la l\u00e9gislation en mati\u00e8re de Protection des Donn\u00e9es Personnelles\u00a0:<\/p>\n<p>En premier lieu, l\u2019utilisateur a le droit d\u2019obtenir une confirmation si <strong>MUEBLES JUMAR, S.L.<\/strong> utilisent des donn\u00e9es personnelles le concernant ou pas.<\/p>\n<p>Les utilisateurs auront le droit d\u2019acc\u00e9der aux donn\u00e9es personnelles ainsi que de solliciter la modification des donn\u00e9es inexactes, ou de solliciter la suppression en outre ces donn\u00e9es ne seront utilis\u00e9s pour des fins douteuses.<\/p>\n<p>Les utilisateurs ont le droit de s\u2019opposer au traitement des donn\u00e9es personnelles dans ce cas <strong>MUEBLES JUMAR, S.L.<\/strong> cessera de traiter ces donn\u00e9es. De plus s\u2019il existe des motifs l\u00e9gitimes l\u2019utilisateur peut exercer son pouvoir de r\u00e9clamation.<\/p>\n<p>Les utilisateurs ont la facult\u00e9 de solliciter <strong>MUEBLES JUMAR, S.L.<\/strong> pour qu\u2019il limite le traitement de leur donn\u00e9es personnelles quand s\u2019accompliront les conditions requises que le r\u00e8glement de l\u2019UE exige (2016\/679).<\/p>\n<p><strong>MUEBLES JUMAR, S.L.<\/strong> informe qu\u2019il a les mesures de s\u00e9curit\u00e9 et organisationnelle n\u00e9cessaires accompagn\u00e9 de caract\u00e8re technique qui garantissent la s\u00e9curit\u00e9 des donn\u00e9es \u00e0 caract\u00e8re personnelle ce qui \u00e9vite toute alt\u00e9ration, perte, traitement et\/ou acc\u00e8s non autoris\u00e9s selon le dispositif du RGPD 2016\/679 du 27 Avril 2016.<\/p>\n<p>Enfin, nous informons que n\u2019importe quel int\u00e9ress\u00e9 pourra pr\u00e9senter une r\u00e9clamation \u00e0 l\u2019Agence Espagnole de Protection des Donn\u00e9es, quand il\/elle n\u2019aura pas obtenu satisfaction dans l\u2019exercice de ses droits.<br \/>\nDans le lien suivant vous obtiendrez plus d\u2019information sur les r\u00e9clamations aupr\u00e8s de l\u2019Agence Espagnoles de la Protection des Donn\u00e9es\u00a0:<br \/>\n<a href=\"https:\/\/sedeagpd.gob.es\/sede-electronica-web\/vistas\/formSpam\/spamDenuncia.jsf;jsessionid=3FC268F548C59FFD4F289FCC645855EA\" target=\"_blank\" rel=\"noopener\">https:\/\/sedeagpd.gob.es\/sede-electronica-web\/vistas\/formSpam\/spamDenuncia.jsf;jsessionid=3FC268F548C59FFD4F289FCC645855EA<\/a>[\/vc_column_text][vc_column_text]<\/p>\n<h2>5.- Communications commerciales<\/h2>\n<p><strong>MUEBLES JUMAR, S.L.<\/strong> pourras envoyer des communications commerciales par tous les moyens dans le plein respect de la l\u00e9gislation en vigueur en mati\u00e8re de protection des donn\u00e9es personnelles.<br \/>\nPour les communications commerciales faites par courrier \u00e9lectronique et moyens \u00e9quivalents conform\u00e9ment aux dispositions de la loi 34\/2002, du 11 juillet, Services de la soci\u00e9t\u00e9 de l&rsquo;information et du commerce \u00e9lectronique, le consentement de l&rsquo;utilisateur sera d\u00fbment obtenu. au moment de la collecte des donn\u00e9es correspondantes.<br \/>\nL&rsquo;utilisateur peut r\u00e9voquer \u00e0 tout moment le consentement donn\u00e9 \u00e0 la r\u00e9ception de communications personnelles avec la simple notification de sa volont\u00e9 \u00e0 <strong>MUEBLES JUMAR, S.L.<\/strong> (<strong>\u00e0 notre adresse email info@mueblesjumar.es<\/strong> ).[\/vc_column_text][\/vc_column][\/vc_row]<\/p>\n<\/div>","protected":false},"excerpt":{"rendered":"<p>[vc_row full_width=\u00a0\u00bbstretch_row\u00a0\u00bb css=\u00a0\u00bb.vc_custom_1500639081251{background-image: url(http:\/\/www.mueblesjumar.es\/wp-content\/uploads\/2017\/03\/cabecera_quienes_somos.jpg?id=179) !important;background-position: center !important;background-repeat: no-repeat !important;background-size: cover !important;}\u00a0\u00bb][vc_column][vc_column_text] POLITIQUE DE PRIVACIT\u00c9 [\/vc_column_text][\/vc_column][\/vc_row][vc_row css=\u00a0\u00bb.vc_custom_1500639777116{padding-bottom: 20px !important;}\u00a0\u00bb][vc_column][vc_column_text] Politique de protection des donn\u00e9es personnelles Le propri\u00e9taire du site et responsable du traitement est MUEBLES JUMAR, S.L. avec adresse \u00e0 Ctra de La Garrofera, s \/ n de Massalav\u00e9s (46292) Vcia et CIF B-46209722 est le [&hellip;]<\/p>\n","protected":false},"author":5,"featured_media":0,"parent":0,"menu_order":0,"comment_status":"closed","ping_status":"closed","template":"","meta":{"footnotes":""},"class_list":["post-1600","page","type-page","status-publish","hentry"],"_links":{"self":[{"href":"https:\/\/www.mueblesjumar.es\/fr\/wp-json\/wp\/v2\/pages\/1600","targetHints":{"allow":["GET"]}}],"collection":[{"href":"https:\/\/www.mueblesjumar.es\/fr\/wp-json\/wp\/v2\/pages"}],"about":[{"href":"https:\/\/www.mueblesjumar.es\/fr\/wp-json\/wp\/v2\/types\/page"}],"author":[{"embeddable":true,"href":"https:\/\/www.mueblesjumar.es\/fr\/wp-json\/wp\/v2\/users\/5"}],"replies":[{"embeddable":true,"href":"https:\/\/www.mueblesjumar.es\/fr\/wp-json\/wp\/v2\/comments?post=1600"}],"version-history":[{"count":7,"href":"https:\/\/www.mueblesjumar.es\/fr\/wp-json\/wp\/v2\/pages\/1600\/revisions"}],"predecessor-version":[{"id":5764,"href":"https:\/\/www.mueblesjumar.es\/fr\/wp-json\/wp\/v2\/pages\/1600\/revisions\/5764"}],"wp:attachment":[{"href":"https:\/\/www.mueblesjumar.es\/fr\/wp-json\/wp\/v2\/media?parent=1600"}],"curies":[{"name":"wp","href":"https:\/\/api.w.org\/{rel}","templated":true}]}}